{"id":38,"date":"2023-02-02T14:10:19","date_gmt":"2023-02-02T13:10:19","guid":{"rendered":"https:\/\/fundacjaneuca.pl\/?page_id=38"},"modified":"2026-03-13T13:04:13","modified_gmt":"2026-03-13T12:04:13","slug":"projekty-unijne","status":"publish","type":"page","link":"https:\/\/fundacjaneuca.pl\/en\/projekty-unijne\/","title":{"rendered":"EU PROJECT"},"content":{"rendered":"<div class=\"wpb-content-wrapper\"><p>[vc_row][vc_column][vc_column_text][\/vc_column_text][\/vc_column][\/vc_row][vc_row content_placement=&#8221;top&#8221; css=&#8221;.vc_custom_1679306210525{margin-top: 20px !important;margin-bottom: 50px !important;}&#8221;][vc_column][vc_empty_space height=&#8221;15px&#8221; el_class=&#8221;mobile-none&#8221;][\/vc_column][vc_column width=&#8221;1\/2&#8243;]<div id=\"ins-heading-69f1400bef6ce\" class=\"inv-section-heading-wrapper text-left position-relative max-width-400 \"><div class=\"inv-section-heading-subtitle\"><h6 style=\"color: #818181\" class=\"margin-5px-top margin-10px-bottom text-uppercase font-weight-500 text-medium  \">EU Project<\/h6><\/div><div class=\"inv-section-heading-title padding-15px-bottom\"><h2 style=\"color: #333333\"  class=\"ins-section-heading-title-inner no-margin  font-weight-600\">Caries-free Adulthood<\/h2><\/div><\/div>[vc_empty_space height=&#8221;8px&#8221; el_class=&#8221;mobile-none&#8221;][vc_column_text]The \u201eCaries-free Adulthood&#8221; project is implemented in the central macro-region (Mazowieckie and \u0141\u00f3dzkie Voivodeships) by the Medical University of Warsaw and the NEUCA Foundation for Health as part of the Operational Programme Knowledge Education Development 2014-2020 co-financed by the European Social Fund.[\/vc_column_text][\/vc_column][vc_column width=&#8221;1\/2&#8243;][vc_single_image image=&#8221;861&#8243; img_size=&#8221;full&#8221; alignment=&#8221;center&#8221; css=&#8221;.vc_custom_1732713470284{margin-top: 11px !important;}&#8221;][\/vc_column][vc_column][vc_empty_space height=&#8221;30px&#8221; el_class=&#8221;mobile-none&#8221;][vc_column_text]Tooth decay is a common health problem. It is referred to as a disease of civilisation or a social disease. The main factors responsible for the development of caries are bacteria producing acids that destroy enamel in the process of breaking down sugars present in food products.<\/p>\n<p>Tooth decay can contribut\u00e9 to headaches and sinus pain, the development of rheumatoid arthritis, and kidney problems. Caries also increase\u1e61 the risk of diabetes, heart attack and stroke.<\/p>\n<p>The poor dental health among Poles is due to the low awareness of the population in terms of care of oral\u0328 hygiene, proper oral care and proper diet.[\/vc_column_text][vc_empty_space height=&#8221;1px&#8221; el_class=&#8221;mobile-none&#8221;][\/vc_column][\/vc_row][vc_row disable_element=&#8221;yes&#8221; css=&#8221;.vc_custom_1682411889355{margin-top: 50px !important;}&#8221;][vc_column][vc_column_text css=&#8221;.vc_custom_1678872552151{border-left-width: 4px !important;background-color: #f3f6fa !important;border-left-color: #00a6d6 !important;border-left-style: solid !important;}&#8221; el_class=&#8221;uwaga_bold_text&#8221;]<strong>UWAGA:<\/strong> Zapraszamy do udzia\u0142u w projekcie szko\u0142y bran\u017cowe w woj. mazowieckim i \u0142\u00f3dzkim.<br \/>\nJe\u015bli wyra\u017casz ch\u0119\u0107 wzi\u0119cia udzia\u0142u w projekcie \u2013 napisz: kontakt@fundacjaneuca.pl.[\/vc_column_text][\/vc_column][\/vc_row][vc_row css=&#8221;.vc_custom_1678877799491{margin-top: 20px !important;margin-bottom: 70px !important;}&#8221;][vc_column][vc_empty_space height=&#8221;1px&#8221; el_class=&#8221;mobile-none&#8221;][vc_column_text el_class=&#8221;projekty-unijne-pg_custom_bold_and_link&#8221;]The Caries-Free Adulthood project aims to increase the level of awareness in this area among young people, thereby improving dental health.[\/vc_column_text][vc_column_text el_class=&#8221;projekty-unijne-pg_custom_bold_and_link&#8221;]<strong>For more information, <a href=\"https:\/\/www.facebook.com\/dorosloscbezprochnicy\">please visit FB \u2192<\/a><\/strong><br \/>\n<strong>and <a href=\"https:\/\/prochnica.wum.edu.pl\/\">the website \u2192<\/a><\/strong>[\/vc_column_text][vc_empty_space height=&#8221;26px&#8221; el_class=&#8221;mobile-none&#8221;][vc_row_inner][vc_column_inner width=&#8221;1\/6&#8243;][\/vc_column_inner][vc_column_inner width=&#8221;2\/3&#8243;][vc_video link=&#8221;https:\/\/www.youtube.com\/watch?v=8f6nM0njYfY&#8221;][\/vc_column_inner][vc_column_inner width=&#8221;1\/6&#8243;][\/vc_column_inner][\/vc_row_inner][vc_row_inner][vc_column_inner el_class=&#8221;projekty-unijne-pg_flex-col_center_logo&#8221;][vc_single_image image=&#8221;859&#8243; img_size=&#8221;full&#8221; alignment=&#8221;center&#8221;][vc_single_image image=&#8221;858&#8243; img_size=&#8221;full&#8221; alignment=&#8221;center&#8221;][vc_single_image image=&#8221;857&#8243; img_size=&#8221;full&#8221; alignment=&#8221;center&#8221;][\/vc_column_inner][\/vc_row_inner][vc_empty_space height=&#8221;60px&#8221; el_class=&#8221;mobile-none&#8221;][\/vc_column][\/vc_row][vc_row full_width=&#8221;stretch_row&#8221; css=&#8221;.vc_custom_1678878509568{padding-top: 35px !important;background-color: #f3f6fa !important;}&#8221;][vc_column][vc_empty_space height=&#8221;20px&#8221; el_class=&#8221;mobile-none&#8221;]<div id=\"ins-heading-69f1400bef6e8\" class=\"inv-section-heading-wrapper text-left position-relative  \"><div class=\"inv-section-heading-subtitle\"><h6 style=\"color: #818181\" class=\"margin-5px-top margin-10px-bottom text-uppercase font-weight-500 text-medium  \">EU Project<\/h6><\/div><div class=\"inv-section-heading-title padding-15px-bottom\"><h2 style=\"color: #333333\"  class=\"ins-section-heading-title-inner no-margin  font-weight-600\">Take a deep breath<\/h2><\/div><\/div>[vc_column_text]&#8221;Take a deep breath&#8221; is a project that promotes smoking cessation, increasing public awareness of COPD, reducing morbidity and premature mortality from respiratory diseases, as well as reducing the health damage caused by smoking.[\/vc_column_text][vc_column_text]<strong>The project<\/strong> is also intended to implement a nationwide educational programme on COPD. The implementation of the project covers the south-eastern macro-region, i.e. the Ma\u0142opolskie, Podkarpackie and \u015awi\u0119tokrzyskie voivodeships, and envisages a range of activities that can benefit not only compulsive smokers, but also:<\/p>\n<ul>\n<li>people working in environments where they are exposed to harmful factors that predispose them to COPD,<\/li>\n<li>health and safety professionals,<\/li>\n<li>nurses and occupational health physicians.<\/li>\n<\/ul>\n<p>[\/vc_column_text][vc_empty_space height=&#8221;10px&#8221; el_class=&#8221;mobile-none&#8221;][vc_row_inner content_placement=&#8221;top&#8221;][vc_column_inner width=&#8221;1\/4&#8243;][vc_single_image image=&#8221;856&#8243; img_size=&#8221;full&#8221; onclick=&#8221;link_image&#8221; el_class=&#8221;full_width_photo&#8221;][\/vc_column_inner][vc_column_inner width=&#8221;3\/4&#8243;][vc_column_text]The NEUCA Foundation for Health, in partnership with the John Paul II Krakow Specialised Hospital in partnership with Smog Alert, is implementing the &#8216;Take a deep breath&#8217; programme. The project aims to raise awareness of the triggers of chronic obstructive pulmonary disease (COPD), which most often affects active and passive smokers, residents of localities particularly polluted by smog and employees of companies with harmful working conditions (high dust concentrations).<\/p>\n<p>Residents of the \u015awi\u0119tokrzyskie, Podkarpackie and Ma\u0142opolskie voivodeships were given the chance to perform free preventive examinations for lung diseases, receive counseling in effectively quitting smoking and raise awareness of harmful factors in the work environment. The project is implemented with European Funds under the Operational Programme Knowledge Education Development 2014 &#8211; 2020 together with the Krakow John Paul II Specialist Hospital and the Krakow Smog Alarm.[\/vc_column_text][\/vc_column_inner][\/vc_row_inner][vc_empty_space height=&#8221;10px&#8221; el_class=&#8221;mobile-none&#8221;][vc_row_inner content_placement=&#8221;top&#8221; el_class=&#8221;column-reverse-767&#8243;][vc_column_inner width=&#8221;3\/4&#8243;][vc_column_text]An anti-smoking outpatient clinic has been opened at the Krakow John Paul II Specialist Hospital.<br \/>\nThe clinic offers consultations with an addiction treatment specialist, a psychologist, a psychiatrist as well as spirometric tests. There are also educational activities on the prevention of COPD (chronic obstructive pulmonary disease).<\/p>\n<p>The clinic&#8217;s services are free of charge for patients, as they are funded by EU funds as part of the project &#8216;Take a deep breath&#8217;, implemented under the Operational Programme Knowledge Education Development 2014-2020. The total amount of funding is almost PLN 2 million.<\/p>\n<p>It is estimated that there are more than 2 million COPD patients in Poland, of whom 15 000 die annually, which is the third most common cause of death in our country.[\/vc_column_text][\/vc_column_inner][vc_column_inner width=&#8221;1\/4&#8243;][vc_single_image image=&#8221;855&#8243; img_size=&#8221;full&#8221; onclick=&#8221;link_image&#8221; el_class=&#8221;full_width_photo&#8221;][\/vc_column_inner][\/vc_row_inner][vc_column_text el_class=&#8221;projekty-unijne-pg_custom_bold_and_link&#8221;]<a href=\"https:\/\/wezglebokioddech.pl\/\"><strong>More information \u2192<\/strong><\/a>[\/vc_column_text][vc_empty_space height=&#8221;20px&#8221; el_class=&#8221;mobile-none&#8221;][vc_row_inner][vc_column_inner width=&#8221;1\/6&#8243;][\/vc_column_inner][vc_column_inner width=&#8221;2\/3&#8243;][vc_video link=&#8221;https:\/\/youtu.be\/xQIcSHstWGs&#8221;][\/vc_column_inner][vc_column_inner width=&#8221;1\/6&#8243;][\/vc_column_inner][\/vc_row_inner][vc_empty_space height=&#8221;20px&#8221; el_class=&#8221;mobile-none&#8221;][\/vc_column][\/vc_row][vc_row][vc_column width=&#8221;1\/2&#8243;][vc_column_text el_class=&#8221;projekty-unijne-pg_custom_bold_and_link&#8221;]<strong>Educational materials:<\/strong><\/p>\n<p><a href=\"https:\/\/fundacjaneuca.pl\/wp-content\/uploads\/2023\/04\/Czym-jest-uzaleznienie-od-nikotyny.pdf\" target=\"_blank\" rel=\"noopener\">Czym jest uzale\u017cnienie od nikotyny?<\/a><\/p>\n<p><a href=\"https:\/\/fundacjaneuca.pl\/wp-content\/uploads\/2023\/04\/Epidemiologia-palenia-tytoniu.pdf\" target=\"_blank\" rel=\"noopener\">Epidemiologia palenia tytoniu<\/a><\/p>\n<p><a href=\"https:\/\/fundacjaneuca.pl\/wp-content\/uploads\/2023\/04\/Nikotynizm.pdf\" target=\"_blank\" rel=\"noopener\">Nikotynizm<\/a><\/p>\n<p><a href=\"https:\/\/fundacjaneuca.pl\/wp-content\/uploads\/2023\/04\/Skutki-zdrowotne-palenia-papierosow.pdf\" target=\"_blank\" rel=\"noopener\">Skutki zdrowotne palenia papieros\u00f3w<\/a><\/p>\n<p><a href=\"https:\/\/fundacjaneuca.pl\/wp-content\/uploads\/2023\/04\/Niewydolnosc-oddechowa.pdf\" target=\"_blank\" rel=\"noopener\">Niewydolno\u015b\u0107 oddechowa<\/a><\/p>\n<p><a href=\"https:\/\/fundacjaneuca.pl\/wp-content\/uploads\/2023\/04\/POChP.pdf\" target=\"_blank\" rel=\"noopener\">POChP<\/a>[\/vc_column_text][\/vc_column][vc_column width=&#8221;1\/2&#8243;][vc_column_text el_class=&#8221;projekty-unijne-pg_custom_bold_and_link&#8221;]<a href=\"https:\/\/fundacjaneuca.pl\/wp-content\/uploads\/2023\/04\/Smog.pdf\" target=\"_blank\" rel=\"noopener\">Smog<\/a><\/p>\n<p><a href=\"https:\/\/fundacjaneuca.pl\/wp-content\/uploads\/2023\/04\/Korzysci-z-rzucenia-palenia-tytoniu.pdf\" target=\"_blank\" rel=\"noopener\">Korzy\u015bci z rzucenia palenia tytoniu<\/a><\/p>\n<p><a href=\"https:\/\/fundacjaneuca.pl\/wp-content\/uploads\/2023\/04\/Leczenie-farmakologiczne.pdf\" target=\"_blank\" rel=\"noopener\">Leczenie farmakologiczne<\/a><\/p>\n<p><a href=\"https:\/\/fundacjaneuca.pl\/wp-content\/uploads\/2023\/04\/Poradnictwo-antynikotynowe.pdf\" target=\"_blank\" rel=\"noopener\">Poradnictwo antynikotynowe<\/a><\/p>\n<p><a href=\"https:\/\/fundacjaneuca.pl\/wp-content\/uploads\/2023\/04\/Poradnia-Antynikotynowa.pdf\" target=\"_blank\" rel=\"noopener\">Poradnia Antynikotynowa<\/a><\/p>\n<p><a href=\"https:\/\/fundacjaneuca.pl\/wp-content\/uploads\/2023\/04\/O-projekcie-22Wez-gleboki-oddech22.pdf\" target=\"_blank\" rel=\"noopener\">O projekcie &#8220;We\u017a g\u0142\u0119boki oddech&#8221;<\/a>[\/vc_column_text][\/vc_column][\/vc_row][vc_row full_width=&#8221;stretch_row&#8221; css=&#8221;.vc_custom_1678878520658{padding-bottom: 50px !important;background-color: #f3f6fa !important;}&#8221;][vc_column width=&#8221;1\/2&#8243;][vc_row_inner content_placement=&#8221;top&#8221;][vc_column_inner width=&#8221;1\/4&#8243; offset=&#8221;vc_col-xs-6&#8243;][vc_single_image image=&#8221;870&#8243; img_size=&#8221;full&#8221; alignment=&#8221;center&#8221;][\/vc_column_inner][vc_column_inner width=&#8221;1\/4&#8243; offset=&#8221;vc_col-xs-6&#8243;][vc_single_image image=&#8221;869&#8243; img_size=&#8221;full&#8221; alignment=&#8221;center&#8221;][\/vc_column_inner][vc_column_inner width=&#8221;1\/4&#8243; offset=&#8221;vc_col-xs-6&#8243;][vc_single_image image=&#8221;868&#8243; img_size=&#8221;full&#8221; alignment=&#8221;center&#8221;][\/vc_column_inner][vc_column_inner width=&#8221;1\/4&#8243; offset=&#8221;vc_col-xs-6&#8243;][vc_single_image image=&#8221;867&#8243; img_size=&#8221;full&#8221; alignment=&#8221;center&#8221;][\/vc_column_inner][\/vc_row_inner][\/vc_column][vc_column width=&#8221;1\/2&#8243;][vc_row_inner content_placement=&#8221;top&#8221;][vc_column_inner width=&#8221;1\/4&#8243; offset=&#8221;vc_col-xs-6&#8243;][vc_single_image image=&#8221;866&#8243; img_size=&#8221;full&#8221; alignment=&#8221;center&#8221;][\/vc_column_inner][vc_column_inner width=&#8221;1\/4&#8243; offset=&#8221;vc_col-xs-6&#8243;][vc_single_image image=&#8221;865&#8243; img_size=&#8221;full&#8221; alignment=&#8221;center&#8221;][\/vc_column_inner][vc_column_inner width=&#8221;1\/4&#8243; offset=&#8221;vc_col-xs-6&#8243;][vc_single_image image=&#8221;726&#8243; img_size=&#8221;full&#8221; alignment=&#8221;center&#8221;][\/vc_column_inner][vc_column_inner width=&#8221;1\/4&#8243; offset=&#8221;vc_col-xs-6&#8243;][vc_single_image image=&#8221;863&#8243; img_size=&#8221;full&#8221; alignment=&#8221;center&#8221;][\/vc_column_inner][\/vc_row_inner][\/vc_column][vc_column][vc_empty_space height=&#8221;40px&#8221; el_class=&#8221;mobile-none&#8221;][\/vc_column][\/vc_row][vc_row][vc_column][vc_column_text][\/vc_column_text][\/vc_column][\/vc_row]<\/p>\n<\/div>","protected":false},"excerpt":{"rendered":"<p>[vc_row][vc_column][vc_column_text][\/vc_column_text][\/vc_column][\/vc_row][vc_row content_placement=&#8221;top&#8221; css=&#8221;.vc_custom_1679306210525{margin-top: 20px !important;margin-bottom: 50px !important;}&#8221;][vc_column][vc_empty_space height=&#8221;15px&#8221; el_class=&#8221;mobile-none&#8221;][\/vc_column][vc_column width=&#8221;1\/2&#8243;][vc_empty_space height=&#8221;8px&#8221; el_class=&#8221;mobile-none&#8221;][vc_column_text]The \u201eCaries-free Adulthood&#8221; project is implemented in the central macro-region (Mazowieckie and \u0141\u00f3dzkie Voivodeships) [&hellip;]<\/p>\n","protected":false},"author":2,"featured_media":0,"parent":0,"menu_order":0,"comment_status":"closed","ping_status":"closed","template":"","meta":{"_acf_changed":false,"_monsterinsights_skip_tracking":false,"_monsterinsights_sitenote_active":false,"_monsterinsights_sitenote_note":"","_monsterinsights_sitenote_category":0,"footnotes":""},"class_list":["post-38","page","type-page","status-publish","hentry"],"translation":{"provider":"WPGlobus","version":"3.0.0","language":"en","enabled_languages":["pl","en"],"languages":{"pl":{"title":true,"content":true,"excerpt":false},"en":{"title":true,"content":true,"excerpt":false}}},"acf":[],"_links":{"self":[{"href":"https:\/\/fundacjaneuca.pl\/en\/wp-json\/wp\/v2\/pages\/38","targetHints":{"allow":["GET"]}}],"collection":[{"href":"https:\/\/fundacjaneuca.pl\/en\/wp-json\/wp\/v2\/pages"}],"about":[{"href":"https:\/\/fundacjaneuca.pl\/en\/wp-json\/wp\/v2\/types\/page"}],"author":[{"embeddable":true,"href":"https:\/\/fundacjaneuca.pl\/en\/wp-json\/wp\/v2\/users\/2"}],"replies":[{"embeddable":true,"href":"https:\/\/fundacjaneuca.pl\/en\/wp-json\/wp\/v2\/comments?post=38"}],"version-history":[{"count":57,"href":"https:\/\/fundacjaneuca.pl\/en\/wp-json\/wp\/v2\/pages\/38\/revisions"}],"predecessor-version":[{"id":9956,"href":"https:\/\/fundacjaneuca.pl\/en\/wp-json\/wp\/v2\/pages\/38\/revisions\/9956"}],"wp:attachment":[{"href":"https:\/\/fundacjaneuca.pl\/en\/wp-json\/wp\/v2\/media?parent=38"}],"curies":[{"name":"wp","href":"https:\/\/api.w.org\/{rel}","templated":true}]}}