{"id":19,"date":"2023-02-02T10:56:26","date_gmt":"2023-02-02T09:56:26","guid":{"rendered":"https:\/\/fundacjaneuca.pl\/?page_id=19"},"modified":"2024-03-08T10:35:42","modified_gmt":"2024-03-08T09:35:42","slug":"aktualnosci","status":"publish","type":"page","link":"https:\/\/fundacjaneuca.pl\/en\/aktualnosci\/","title":{"rendered":"News"},"content":{"rendered":"<div class=\"wpb-content-wrapper\"><p>[vc_row el_class=&#8221;aktualnosci_row-1&#8243;][vc_column width=&#8221;2\/3&#8243; offset=&#8221;vc_col-xs-12&#8243;]<div id=\"ins-heading-69f26c46d7137\" class=\"inv-section-heading-wrapper text-left position-relative  \"><div class=\"inv-section-heading-title padding-15px-bottom\"><h2 style=\"color: #343434\"  class=\"ins-section-heading-title-inner no-margin  font-weight-600\">Check our <strong>news<\/strong><\/h2><\/div><\/div>[\/vc_column][vc_column width=&#8221;1\/3&#8243; offset=&#8221;vc_hidden-lg vc_hidden-md vc_hidden-sm vc_col-xs-12 vc_hidden-xs&#8221;][vc_wp_search][\/vc_column][\/vc_row][vc_row el_class=&#8221;aktualnosci_row-2&#8243;][vc_column]<div class=\"blog-column-main-archive blog-element-main-archive custom_blog_styles \"> <div class=\"ajax_posts clearfix\"> <div class=\"inv-blog-element-grid-wrapper inv-blog-element-article-holder\" style=\"margin: 0 -11px;\">\n<div class=\"grid-sizer\"><\/div> <article style=\"padding: 0 11px; margin-bottom:22px;\" class=\"inv-post-blog-item-holder inv-post-grid-one-main-wrapper aos-init col-md-4 col-lg-4 col-sm-6 col-xs-12 inv-post_layout_1 post-10008 post type-post status-publish format-standard has-post-thumbnail hentry category-bez-kategorii tag-cukrzyca tag-dzieci tag-narodowebadanie\" data-aos-once=\"true\" data-aos=\"\" data-aos-delay=\"0\">\n<div class=\"inv-post-grid-one-inner\">\n<a href=\"https:\/\/fundacjaneuca.pl\/en\/torun-znow-bada-dzieci-pod-katem-cukrzycy-typu-1\/\">\n<div class=\"thumbnail-image entry-thumb-wrap\" style=\"background-image: url('https:\/\/fundacjaneuca.pl\/wp-content\/uploads\/2026\/04\/Badanie-dzieci-kwiecien-2026.png');\"><!--post-image--><\/div> <div class=\"inv-post-grid-one-content-wrap\">\n<div class=\"title entry-post-title inv-post-grid-one-title\"><a href=\"https:\/\/fundacjaneuca.pl\/en\/torun-znow-bada-dzieci-pod-katem-cukrzycy-typu-1\/\" class=\"inv-title-h3\">Toru\u0144 zn\u00f3w bada dzieci pod k\u0105tem cukrzycy typu 1<\/a><\/div>\n<div class=\"entry-excerpt inv-post-grid-one-excerpt\">\n<a href=\"https:\/\/fundacjaneuca.pl\/en\/torun-znow-bada-dzieci-pod-katem-cukrzycy-typu-1\/\"><p>[vc_row][vc_column][vc_column_text css=&#8221;.vc_custom_1776259755249{border-left-width: 4px !important;padding-top: 2% !important;padding-right: 4% !important;padding-bottom: 3% !important;padding-left: 4% !important;background-color: #f3f6fa !important;border-left-style: solid !important;border-color: #00a6d6 !important;}&#8221;]Bezp\u0142atna akcja profilaktyczna ju\u017c 25 kwietnia[\/vc_column_text][vc_column_text css=&#8221;&#8221;]Toru\u0144 wraca [&hellip;]<\/p>\n<\/a>\n<\/div>\n<div class=\"inv-post-grid-one-meta\">\n<div class=\"inv-post-grid-one-date\"><i class=\"ti-alarm-clock inv-post-grid-one-icon\"><!--icon--><\/i> <span>15 Apr 2026<\/span><\/div>\n<div class=\"inv-post-grid-one-author\"><i class=\"ti-user inv-post-grid-one-icon\"><!--icon--><\/i><span class=\"inv-post-grid-one-author-text\"><a href=\"https:\/\/fundacjaneuca.pl\/en\/author\/neuca\/\" title=\"Posts by Fundacja Neuca\" rel=\"author\">Fundacja Neuca<\/a><\/span><\/div>\n<\/div>\n<\/div>\n<\/a>\n<\/div>\n<\/article> <article style=\"padding: 0 11px; margin-bottom:22px;\" class=\"inv-post-blog-item-holder inv-post-grid-one-main-wrapper aos-init col-md-4 col-lg-4 col-sm-6 col-xs-12 inv-post_layout_1 post-9991 post type-post status-publish format-standard has-post-thumbnail hentry category-bez-kategorii tag-fundacjaneuca tag-niebieskieigrzyska tag-torun\" data-aos-once=\"true\" data-aos=\"\" data-aos-delay=\"0\">\n<div class=\"inv-post-grid-one-inner\">\n<a href=\"https:\/\/fundacjaneuca.pl\/en\/niebieskie-igrzyska-2026\/\">\n<div class=\"thumbnail-image entry-thumb-wrap\" style=\"background-image: url('https:\/\/fundacjaneuca.pl\/wp-content\/uploads\/2026\/04\/niebieskie-igrzyska-2026.png');\"><!--post-image--><\/div> <div class=\"inv-post-grid-one-content-wrap\">\n<div class=\"title entry-post-title inv-post-grid-one-title\"><a href=\"https:\/\/fundacjaneuca.pl\/en\/niebieskie-igrzyska-2026\/\" class=\"inv-title-h3\">Niebieskie Igrzyska 2026<\/a><\/div>\n<div class=\"entry-excerpt inv-post-grid-one-excerpt\">\n<a href=\"https:\/\/fundacjaneuca.pl\/en\/niebieskie-igrzyska-2026\/\"><p>[vc_row][vc_column][vc_column_text css=&#8221;&#8221;]Niebieskie Igrzyska 2026 \u2013 wsp\u00f3lnie budujemy przestrze\u0144 pe\u0142n\u0105 zrozumienia i integracji[\/vc_column_text][vc_column_text css=&#8221;&#8221;]Niebieskie Igrzyska to og\u00f3lnopolski program sportowo\u2011edukacyjno\u2011integracyjny, kt\u00f3rego pomys\u0142odawc\u0105 i g\u0142\u00f3wnym koordynatorem jest Fundacja [&hellip;]<\/p>\n<\/a>\n<\/div>\n<div class=\"inv-post-grid-one-meta\">\n<div class=\"inv-post-grid-one-date\"><i class=\"ti-alarm-clock inv-post-grid-one-icon\"><!--icon--><\/i> <span>13 Apr 2026<\/span><\/div>\n<div class=\"inv-post-grid-one-author\"><i class=\"ti-user inv-post-grid-one-icon\"><!--icon--><\/i><span class=\"inv-post-grid-one-author-text\"><a href=\"https:\/\/fundacjaneuca.pl\/en\/author\/neuca\/\" title=\"Posts by Fundacja Neuca\" rel=\"author\">Fundacja Neuca<\/a><\/span><\/div>\n<\/div>\n<\/div>\n<\/a>\n<\/div>\n<\/article> <article style=\"padding: 0 11px; margin-bottom:22px;\" class=\"inv-post-blog-item-holder inv-post-grid-one-main-wrapper aos-init col-md-4 col-lg-4 col-sm-6 col-xs-12 inv-post_layout_1 post-9968 post type-post status-publish format-standard has-post-thumbnail hentry category-bez-kategorii tag-fundacjaneuca tag-narodowebadaniepoziomucukru tag-torun tag-zdrowolandia\" data-aos-once=\"true\" data-aos=\"\" data-aos-delay=\"0\">\n<div class=\"inv-post-grid-one-inner\">\n<a href=\"https:\/\/fundacjaneuca.pl\/en\/%e2%9a%aa-festyn-prozdrowotny-zdrowolandia-w-toruniu\/\">\n<div class=\"thumbnail-image entry-thumb-wrap\" style=\"background-image: url('https:\/\/fundacjaneuca.pl\/wp-content\/uploads\/2026\/03\/Zdrowolandia-10-kwietnia-2026.png');\"><!--post-image--><\/div> <div class=\"inv-post-grid-one-content-wrap\">\n<div class=\"title entry-post-title inv-post-grid-one-title\"><a href=\"https:\/\/fundacjaneuca.pl\/en\/%e2%9a%aa-festyn-prozdrowotny-zdrowolandia-w-toruniu\/\" class=\"inv-title-h3\">&#x26aa; Festyn Prozdrowotny \u201eZdrowolandia\u201d w Toruniu<\/a><\/div>\n<div class=\"entry-excerpt inv-post-grid-one-excerpt\">\n<a href=\"https:\/\/fundacjaneuca.pl\/en\/%e2%9a%aa-festyn-prozdrowotny-zdrowolandia-w-toruniu\/\"><p>[vc_row][vc_column][vc_column_text css=&#8221;&#8221;]Fundacja NEUCA dla Zdrowia \u2013 partner wydarzenia w obszarze profilaktyki i edukacji zdrowotnej. Organizator: Toru\u0144ski Zwi\u0105zek TKKF pod patronatem Prezydenta Miasta Torunia Paw\u0142a Gulewskiego.[\/vc_column_text][vc_column_text [&hellip;]<\/p>\n<\/a>\n<\/div>\n<div class=\"inv-post-grid-one-meta\">\n<div class=\"inv-post-grid-one-date\"><i class=\"ti-alarm-clock inv-post-grid-one-icon\"><!--icon--><\/i> <span>30 Mar 2026<\/span><\/div>\n<div class=\"inv-post-grid-one-author\"><i class=\"ti-user inv-post-grid-one-icon\"><!--icon--><\/i><span class=\"inv-post-grid-one-author-text\"><a href=\"https:\/\/fundacjaneuca.pl\/en\/author\/neuca\/\" title=\"Posts by Fundacja Neuca\" rel=\"author\">Fundacja Neuca<\/a><\/span><\/div>\n<\/div>\n<\/div>\n<\/a>\n<\/div>\n<\/article> <article style=\"padding: 0 11px; margin-bottom:22px;\" class=\"inv-post-blog-item-holder inv-post-grid-one-main-wrapper aos-init col-md-4 col-lg-4 col-sm-6 col-xs-12 inv-post_layout_1 post-9928 post type-post status-publish format-standard has-post-thumbnail hentry category-bez-kategorii tag-aniol tag-neucjusz tag-torun tag-wedrowiec\" data-aos-once=\"true\" data-aos=\"\" data-aos-delay=\"0\">\n<div class=\"inv-post-grid-one-inner\">\n<a href=\"https:\/\/fundacjaneuca.pl\/en\/aniol-wedrowiec-neucjusz-przysiadl-na-moscie-im-jozefa-pilsudskiego-w-toruniu\/\">\n<div class=\"thumbnail-image entry-thumb-wrap\" style=\"background-image: url('https:\/\/fundacjaneuca.pl\/wp-content\/uploads\/2026\/03\/wpisy.png');\"><!--post-image--><\/div> <div class=\"inv-post-grid-one-content-wrap\">\n<div class=\"title entry-post-title inv-post-grid-one-title\"><a href=\"https:\/\/fundacjaneuca.pl\/en\/aniol-wedrowiec-neucjusz-przysiadl-na-moscie-im-jozefa-pilsudskiego-w-toruniu\/\" class=\"inv-title-h3\">Anio\u0142 W\u0119drowiec-Neucjusz przysiad\u0142 na mo\u015bcie im. J\u00f3zefa Pi\u0142sudskiego w Toruniu<\/a><\/div>\n<div class=\"entry-excerpt inv-post-grid-one-excerpt\">\n<a href=\"https:\/\/fundacjaneuca.pl\/en\/aniol-wedrowiec-neucjusz-przysiadl-na-moscie-im-jozefa-pilsudskiego-w-toruniu\/\"><p>[vc_row][vc_column][vc_column_text css=&#8221;&#8221;]Niezwyk\u0142y, anielski w\u0119drowiec przysiad\u0142 na mo\u015bcie im. J\u00f3zefa Pi\u0142sudskiego w Toruniu. Sponsorem \u00f3smego toru\u0144skiego anio\u0142ka jest Fundacja NEUCA dla Zdrowia. Anio\u0142 przypomina nam, \u017ce [&hellip;]<\/p>\n<\/a>\n<\/div>\n<div class=\"inv-post-grid-one-meta\">\n<div class=\"inv-post-grid-one-date\"><i class=\"ti-alarm-clock inv-post-grid-one-icon\"><!--icon--><\/i> <span>13 Mar 2026<\/span><\/div>\n<div class=\"inv-post-grid-one-author\"><i class=\"ti-user inv-post-grid-one-icon\"><!--icon--><\/i><span class=\"inv-post-grid-one-author-text\"><a href=\"https:\/\/fundacjaneuca.pl\/en\/author\/neuca\/\" title=\"Posts by Fundacja Neuca\" rel=\"author\">Fundacja Neuca<\/a><\/span><\/div>\n<\/div>\n<\/div>\n<\/a>\n<\/div>\n<\/article> <article style=\"padding: 0 11px; margin-bottom:22px;\" class=\"inv-post-blog-item-holder inv-post-grid-one-main-wrapper aos-init col-md-4 col-lg-4 col-sm-6 col-xs-12 inv-post_layout_1 post-9903 post type-post status-publish format-standard has-post-thumbnail hentry category-bez-kategorii tag-depresja tag-zaburzenia-lekowe tag-zdrowiepsychiczne\" data-aos-once=\"true\" data-aos=\"\" data-aos-delay=\"0\">\n<div class=\"inv-post-grid-one-inner\">\n<a href=\"https:\/\/fundacjaneuca.pl\/en\/23-lutego-miedzynarodowy-dzien-walki-z-depresja\/\">\n<div class=\"thumbnail-image entry-thumb-wrap\" style=\"background-image: url('https:\/\/fundacjaneuca.pl\/wp-content\/uploads\/2026\/02\/wpisy-6.png');\"><!--post-image--><\/div> <div class=\"inv-post-grid-one-content-wrap\">\n<div class=\"title entry-post-title inv-post-grid-one-title\"><a href=\"https:\/\/fundacjaneuca.pl\/en\/23-lutego-miedzynarodowy-dzien-walki-z-depresja\/\" class=\"inv-title-h3\">23 lutego \u2013 Mi\u0119dzynarodowy Dzie\u0144 Walki z Depresj\u0105<\/a><\/div>\n<div class=\"entry-excerpt inv-post-grid-one-excerpt\">\n<a href=\"https:\/\/fundacjaneuca.pl\/en\/23-lutego-miedzynarodowy-dzien-walki-z-depresja\/\"><p>[vc_row][vc_column][vc_column_text css=&#8221;.vc_custom_1771512877708{border-left-width: 4px !important;padding-top: 2% !important;padding-right: 4% !important;padding-bottom: 3% !important;padding-left: 4% !important;background-color: #F3F6FA !important;border-left-style: solid !important;border-color: #00A6D6 !important;}&#8221;]Zatrzymaj si\u0119 na chwil\u0119. Pomy\u015bl o sobie. Pomy\u015bl [&hellip;]<\/p>\n<\/a>\n<\/div>\n<div class=\"inv-post-grid-one-meta\">\n<div class=\"inv-post-grid-one-date\"><i class=\"ti-alarm-clock inv-post-grid-one-icon\"><!--icon--><\/i> <span>20 Feb 2026<\/span><\/div>\n<div class=\"inv-post-grid-one-author\"><i class=\"ti-user inv-post-grid-one-icon\"><!--icon--><\/i><span class=\"inv-post-grid-one-author-text\"><a href=\"https:\/\/fundacjaneuca.pl\/en\/author\/neuca\/\" title=\"Posts by Fundacja Neuca\" rel=\"author\">Fundacja Neuca<\/a><\/span><\/div>\n<\/div>\n<\/div>\n<\/a>\n<\/div>\n<\/article> <article style=\"padding: 0 11px; margin-bottom:22px;\" class=\"inv-post-blog-item-holder inv-post-grid-one-main-wrapper aos-init col-md-4 col-lg-4 col-sm-6 col-xs-12 inv-post_layout_1 post-9896 post type-post status-publish format-standard has-post-thumbnail hentry category-bez-kategorii\" data-aos-once=\"true\" data-aos=\"\" data-aos-delay=\"0\">\n<div class=\"inv-post-grid-one-inner\">\n<a href=\"https:\/\/fundacjaneuca.pl\/en\/przekaz-nam-15-podatku-2\/\">\n<div class=\"thumbnail-image entry-thumb-wrap\" style=\"background-image: url('https:\/\/fundacjaneuca.pl\/wp-content\/uploads\/2026\/02\/wpisy-5.png');\"><!--post-image--><\/div> <div class=\"inv-post-grid-one-content-wrap\">\n<div class=\"title entry-post-title inv-post-grid-one-title\"><a href=\"https:\/\/fundacjaneuca.pl\/en\/przekaz-nam-15-podatku-2\/\" class=\"inv-title-h3\">Przeka\u017c nam 1,5 % podatku<\/a><\/div>\n<div class=\"entry-excerpt inv-post-grid-one-excerpt\">\n<a href=\"https:\/\/fundacjaneuca.pl\/en\/przekaz-nam-15-podatku-2\/\"><p>[vc_row][vc_column][vc_column_text css=&#8221;.vc_custom_1708608274988{border-left-width: 4px !important;padding-top: 2% !important;padding-right: 4% !important;padding-bottom: 3% !important;padding-left: 4% !important;background-color: #f3f6fa !important;border-left-color: #00a6d6 !important;border-left-style: solid !important;}&#8221;] Je\u015bli nasze dzia\u0142ania, uwa\u017casz za wa\u017cne i [&hellip;]<\/p>\n<\/a>\n<\/div>\n<div class=\"inv-post-grid-one-meta\">\n<div class=\"inv-post-grid-one-date\"><i class=\"ti-alarm-clock inv-post-grid-one-icon\"><!--icon--><\/i> <span>12 Feb 2026<\/span><\/div>\n<div class=\"inv-post-grid-one-author\"><i class=\"ti-user inv-post-grid-one-icon\"><!--icon--><\/i><span class=\"inv-post-grid-one-author-text\"><a href=\"https:\/\/fundacjaneuca.pl\/en\/author\/neuca\/\" title=\"Posts by Fundacja Neuca\" rel=\"author\">Fundacja Neuca<\/a><\/span><\/div>\n<\/div>\n<\/div>\n<\/a>\n<\/div>\n<\/article> <article style=\"padding: 0 11px; margin-bottom:22px;\" class=\"inv-post-blog-item-holder inv-post-grid-one-main-wrapper aos-init col-md-4 col-lg-4 col-sm-6 col-xs-12 inv-post_layout_1 post-9873 post type-post status-publish format-standard has-post-thumbnail hentry category-bez-kategorii tag-cukrzycatyp2 tag-fundacjaneuca tag-narodowebadanie\" data-aos-once=\"true\" data-aos=\"\" data-aos-delay=\"0\">\n<div class=\"inv-post-grid-one-inner\">\n<a href=\"https:\/\/fundacjaneuca.pl\/en\/jedna-kropla-do-rekordu-w-lublinie-wydarzylo-sie-cos-znacznie-wiecej-niz-tylko-pobicie-rekordu\/\">\n<div class=\"thumbnail-image entry-thumb-wrap\" style=\"background-image: url('https:\/\/fundacjaneuca.pl\/wp-content\/uploads\/2026\/02\/Rekord-Polski.png');\"><!--post-image--><\/div> <div class=\"inv-post-grid-one-content-wrap\">\n<div class=\"title entry-post-title inv-post-grid-one-title\"><a href=\"https:\/\/fundacjaneuca.pl\/en\/jedna-kropla-do-rekordu-w-lublinie-wydarzylo-sie-cos-znacznie-wiecej-niz-tylko-pobicie-rekordu\/\" class=\"inv-title-h3\">\u201eJedna kropla do rekordu\u201d \u2013 w Lublinie wydarzy\u0142o si\u0119 co\u015b znacznie wi\u0119cej ni\u017c tylko ustanowienie rekordu<\/a><\/div>\n<div class=\"entry-excerpt inv-post-grid-one-excerpt\">\n<a href=\"https:\/\/fundacjaneuca.pl\/en\/jedna-kropla-do-rekordu-w-lublinie-wydarzylo-sie-cos-znacznie-wiecej-niz-tylko-pobicie-rekordu\/\"><p>[vc_row][vc_column][vc_column_text css=&#8221;&#8221;]&#x2764;&#xfe0f; W Lublinie dokonano czego\u015b wyj\u0105tkowego \u2014 nie tylko ustanowiono rekord Polski w liczbie wykonanych bada\u0144 HbA1c, ale te\u017c stworzono przestrze\u0144 do rozmowy o [&hellip;]<\/p>\n<\/a>\n<\/div>\n<div class=\"inv-post-grid-one-meta\">\n<div class=\"inv-post-grid-one-date\"><i class=\"ti-alarm-clock inv-post-grid-one-icon\"><!--icon--><\/i> <span>05 Feb 2026<\/span><\/div>\n<div class=\"inv-post-grid-one-author\"><i class=\"ti-user inv-post-grid-one-icon\"><!--icon--><\/i><span class=\"inv-post-grid-one-author-text\"><a href=\"https:\/\/fundacjaneuca.pl\/en\/author\/neuca\/\" title=\"Posts by Fundacja Neuca\" rel=\"author\">Fundacja Neuca<\/a><\/span><\/div>\n<\/div>\n<\/div>\n<\/a>\n<\/div>\n<\/article> <article style=\"padding: 0 11px; margin-bottom:22px;\" class=\"inv-post-blog-item-holder inv-post-grid-one-main-wrapper aos-init col-md-4 col-lg-4 col-sm-6 col-xs-12 inv-post_layout_1 post-9758 post type-post status-publish format-standard has-post-thumbnail hentry category-bez-kategorii tag-fundacjaneuca\" data-aos-once=\"true\" data-aos=\"\" data-aos-delay=\"0\">\n<div class=\"inv-post-grid-one-inner\">\n<a href=\"https:\/\/fundacjaneuca.pl\/en\/%f0%9f%92%99-podsumowanie-2025-roku-razem-dla-zdrowia\/\">\n<div class=\"thumbnail-image entry-thumb-wrap\" style=\"background-image: url('https:\/\/fundacjaneuca.pl\/wp-content\/uploads\/2025\/12\/Fundacja-NEUCA-2.png');\"><!--post-image--><\/div> <div class=\"inv-post-grid-one-content-wrap\">\n<div class=\"title entry-post-title inv-post-grid-one-title\"><a href=\"https:\/\/fundacjaneuca.pl\/en\/%f0%9f%92%99-podsumowanie-2025-roku-razem-dla-zdrowia\/\" class=\"inv-title-h3\">&#x1f499; Podsumowanie 2025 roku \u2013 razem dla zdrowia!<\/a><\/div>\n<div class=\"entry-excerpt inv-post-grid-one-excerpt\">\n<a href=\"https:\/\/fundacjaneuca.pl\/en\/%f0%9f%92%99-podsumowanie-2025-roku-razem-dla-zdrowia\/\"><p>[vc_row][vc_column][vc_column_text css=&#8221;&#8221;]Rok 2025 by\u0142 dla Fundacji NEUCA dla Zdrowia kolejnym etapem w misji profilaktyki, edukacji i wsparcia zdrowia Polak\u00f3w. Kontynuowali\u015bmy dzia\u0142ania rozpocz\u0119te w poprzednich latach, [&hellip;]<\/p>\n<\/a>\n<\/div>\n<div class=\"inv-post-grid-one-meta\">\n<div class=\"inv-post-grid-one-date\"><i class=\"ti-alarm-clock inv-post-grid-one-icon\"><!--icon--><\/i> <span>18 Dec 2025<\/span><\/div>\n<div class=\"inv-post-grid-one-author\"><i class=\"ti-user inv-post-grid-one-icon\"><!--icon--><\/i><span class=\"inv-post-grid-one-author-text\"><a href=\"https:\/\/fundacjaneuca.pl\/en\/author\/neuca\/\" title=\"Posts by Fundacja Neuca\" rel=\"author\">Fundacja Neuca<\/a><\/span><\/div>\n<\/div>\n<\/div>\n<\/a>\n<\/div>\n<\/article> <article style=\"padding: 0 11px; margin-bottom:22px;\" class=\"inv-post-blog-item-holder inv-post-grid-one-main-wrapper aos-init col-md-4 col-lg-4 col-sm-6 col-xs-12 inv-post_layout_1 post-9690 post type-post status-publish format-standard has-post-thumbnail hentry category-bez-kategorii tag-cukrzyca tag-cukrzycatyp1 tag-narodowebadanie tag-nbpc\" data-aos-once=\"true\" data-aos=\"\" data-aos-delay=\"0\">\n<div class=\"inv-post-grid-one-inner\">\n<a href=\"https:\/\/fundacjaneuca.pl\/en\/zbadaj-swoje-dziecko-wykryj-zagrozenie\/\">\n<div class=\"thumbnail-image entry-thumb-wrap\" style=\"background-image: url('https:\/\/fundacjaneuca.pl\/wp-content\/uploads\/2025\/11\/wpisy-4.png');\"><!--post-image--><\/div> <div class=\"inv-post-grid-one-content-wrap\">\n<div class=\"title entry-post-title inv-post-grid-one-title\"><a href=\"https:\/\/fundacjaneuca.pl\/en\/zbadaj-swoje-dziecko-wykryj-zagrozenie\/\" class=\"inv-title-h3\">Zbadaj swoje dziecko \u2013 wykryj zagro\u017cenie<\/a><\/div>\n<div class=\"entry-excerpt inv-post-grid-one-excerpt\">\n<a href=\"https:\/\/fundacjaneuca.pl\/en\/zbadaj-swoje-dziecko-wykryj-zagrozenie\/\"><p>[vc_row][vc_column][vc_column_text css=&#8221;&#8221;]Bezp\u0142atne badania ju\u017c 29 listopada w Toruniu.[\/vc_column_text][vc_column_text css=&#8221;.vc_custom_1763977111724{border-left-width: 4px !important;padding-top: 2% !important;padding-right: 4% !important;padding-bottom: 3% !important;padding-left: 4% !important;background-color: #f3f6fa !important;border-left-style: solid !important;border-color: #00a6d6 !important;}&#8221;]Zbadaj [&hellip;]<\/p>\n<\/a>\n<\/div>\n<div class=\"inv-post-grid-one-meta\">\n<div class=\"inv-post-grid-one-date\"><i class=\"ti-alarm-clock inv-post-grid-one-icon\"><!--icon--><\/i> <span>24 Nov 2025<\/span><\/div>\n<div class=\"inv-post-grid-one-author\"><i class=\"ti-user inv-post-grid-one-icon\"><!--icon--><\/i><span class=\"inv-post-grid-one-author-text\"><a href=\"https:\/\/fundacjaneuca.pl\/en\/author\/neuca\/\" title=\"Posts by Fundacja Neuca\" rel=\"author\">Fundacja Neuca<\/a><\/span><\/div>\n<\/div>\n<\/div>\n<\/a>\n<\/div>\n<\/article> <article style=\"padding: 0 11px; margin-bottom:22px;\" class=\"inv-post-blog-item-holder inv-post-grid-one-main-wrapper aos-init col-md-4 col-lg-4 col-sm-6 col-xs-12 inv-post_layout_1 post-9563 post type-post status-publish format-standard has-post-thumbnail hentry category-bez-kategorii tag-badania tag-hba1c tag-hemoglobinaglikowana tag-lublin tag-profilaktyka tag-rekord tag-rekordpolski\" data-aos-once=\"true\" data-aos=\"\" data-aos-delay=\"0\">\n<div class=\"inv-post-grid-one-inner\">\n<a href=\"https:\/\/fundacjaneuca.pl\/en\/jedna-kropla-do-rekordu-lublin-ustanowil-rekord-polski\/\">\n<div class=\"thumbnail-image entry-thumb-wrap\" style=\"background-image: url('https:\/\/fundacjaneuca.pl\/wp-content\/uploads\/2025\/11\/wpisy-1.png');\"><!--post-image--><\/div> <div class=\"inv-post-grid-one-content-wrap\">\n<div class=\"title entry-post-title inv-post-grid-one-title\"><a href=\"https:\/\/fundacjaneuca.pl\/en\/jedna-kropla-do-rekordu-lublin-ustanowil-rekord-polski\/\" class=\"inv-title-h3\">\u201eJedna kropla do rekordu\u201d \u2013 Lublin ustanowi\u0142 Rekord Polski!<\/a><\/div>\n<div class=\"entry-excerpt inv-post-grid-one-excerpt\">\n<a href=\"https:\/\/fundacjaneuca.pl\/en\/jedna-kropla-do-rekordu-lublin-ustanowil-rekord-polski\/\"><p>[vc_row][vc_column][vc_column_text css=&#8221;.vc_custom_1763381278806{border-left-width: 4px !important;padding-top: 2% !important;padding-right: 4% !important;padding-bottom: 3% !important;padding-left: 4% !important;background-color: #f3f6fa !important;border-left-style: solid !important;border-color: #00a6d6 !important;}&#8221;]\u201eJedna kropla do rekordu\u201d \u2013 Lublin ustanowi\u0142 Rekord [&hellip;]<\/p>\n<\/a>\n<\/div>\n<div class=\"inv-post-grid-one-meta\">\n<div class=\"inv-post-grid-one-date\"><i class=\"ti-alarm-clock inv-post-grid-one-icon\"><!--icon--><\/i> <span>17 Nov 2025<\/span><\/div>\n<div class=\"inv-post-grid-one-author\"><i class=\"ti-user inv-post-grid-one-icon\"><!--icon--><\/i><span class=\"inv-post-grid-one-author-text\"><a href=\"https:\/\/fundacjaneuca.pl\/en\/author\/neuca\/\" title=\"Posts by Fundacja Neuca\" rel=\"author\">Fundacja Neuca<\/a><\/span><\/div>\n<\/div>\n<\/div>\n<\/a>\n<\/div>\n<\/article> <article style=\"padding: 0 11px; margin-bottom:22px;\" class=\"inv-post-blog-item-holder inv-post-grid-one-main-wrapper aos-init col-md-4 col-lg-4 col-sm-6 col-xs-12 inv-post_layout_1 post-9545 post type-post status-publish format-standard has-post-thumbnail hentry category-bez-kategorii tag-bezplatnebadanie tag-hemoglobinaglikowana tag-narodowebadanie tag-nbpc tag-rekordpolski\" data-aos-once=\"true\" data-aos=\"\" data-aos-delay=\"0\">\n<div class=\"inv-post-grid-one-inner\">\n<a href=\"https:\/\/fundacjaneuca.pl\/en\/jedna-kropla-do-rekordu\/\">\n<div class=\"thumbnail-image entry-thumb-wrap\" style=\"background-image: url('https:\/\/fundacjaneuca.pl\/wp-content\/uploads\/2025\/11\/Fundacja-NEUC-A-dla-Zdrowia-scaled.png');\"><!--post-image--><\/div> <div class=\"inv-post-grid-one-content-wrap\">\n<div class=\"title entry-post-title inv-post-grid-one-title\"><a href=\"https:\/\/fundacjaneuca.pl\/en\/jedna-kropla-do-rekordu\/\" class=\"inv-title-h3\">Jedna kropla do rekordu<\/a><\/div>\n<div class=\"entry-excerpt inv-post-grid-one-excerpt\">\n<a href=\"https:\/\/fundacjaneuca.pl\/en\/jedna-kropla-do-rekordu\/\"><p>[vc_row][vc_column][vc_column_text css=&#8221;.vc_custom_1763131308611{border-left-width: 4px !important;padding-top: 2% !important;padding-right: 4% !important;padding-bottom: 3% !important;padding-left: 4% !important;background-color: #f3f6fa !important;border-left-style: solid !important;border-color: #00a6d6 !important;}&#8221;]Rekord Polski w badaniu hemoglobiny glikowanej[\/vc_column_text][vc_column_text css=&#8221;&#8221;]Fundacja NEUCA [&hellip;]<\/p>\n<\/a>\n<\/div>\n<div class=\"inv-post-grid-one-meta\">\n<div class=\"inv-post-grid-one-date\"><i class=\"ti-alarm-clock inv-post-grid-one-icon\"><!--icon--><\/i> <span>14 Nov 2025<\/span><\/div>\n<div class=\"inv-post-grid-one-author\"><i class=\"ti-user inv-post-grid-one-icon\"><!--icon--><\/i><span class=\"inv-post-grid-one-author-text\"><a href=\"https:\/\/fundacjaneuca.pl\/en\/author\/neuca\/\" title=\"Posts by Fundacja Neuca\" rel=\"author\">Fundacja Neuca<\/a><\/span><\/div>\n<\/div>\n<\/div>\n<\/a>\n<\/div>\n<\/article> <article style=\"padding: 0 11px; margin-bottom:22px;\" class=\"inv-post-blog-item-holder inv-post-grid-one-main-wrapper aos-init col-md-4 col-lg-4 col-sm-6 col-xs-12 inv-post_layout_1 post-9521 post type-post status-publish format-standard has-post-thumbnail hentry category-bez-kategorii tag-badaniekosci tag-cukrzyca tag-densytometria tag-ostebus tag-profilaktyka\" data-aos-once=\"true\" data-aos=\"\" data-aos-delay=\"0\">\n<div class=\"inv-post-grid-one-inner\">\n<a href=\"https:\/\/fundacjaneuca.pl\/en\/osteobus-rusza-w-polske-17-lis\/\">\n<div class=\"thumbnail-image entry-thumb-wrap\" style=\"background-image: url('https:\/\/fundacjaneuca.pl\/wp-content\/uploads\/2025\/11\/wpisy.png');\"><!--post-image--><\/div> <div class=\"inv-post-grid-one-content-wrap\">\n<div class=\"title entry-post-title inv-post-grid-one-title\"><a href=\"https:\/\/fundacjaneuca.pl\/en\/osteobus-rusza-w-polske-17-lis\/\" class=\"inv-title-h3\">Osteobus rusza w Polsk\u0119 17 listopada<\/a><\/div>\n<div class=\"entry-excerpt inv-post-grid-one-excerpt\">\n<a href=\"https:\/\/fundacjaneuca.pl\/en\/osteobus-rusza-w-polske-17-lis\/\"><p>[vc_row][vc_column][vc_column_text css=&#8221;.vc_custom_1729676762740{border-left-width: 4px !important;padding-top: 2% !important;padding-right: 4% !important;padding-bottom: 3% !important;padding-left: 4% !important;background-color: #f3f6fa !important;border-left-color: #00a6d6 !important;border-left-style: solid !important;}&#8221;]Dlaczego badania g\u0119sto\u015bci ko\u015bci s\u0105 tak wa\u017cne?[\/vc_column_text][vc_column_text]Osteoporoza to [&hellip;]<\/p>\n<\/a>\n<\/div>\n<div class=\"inv-post-grid-one-meta\">\n<div class=\"inv-post-grid-one-date\"><i class=\"ti-alarm-clock inv-post-grid-one-icon\"><!--icon--><\/i> <span>03 Nov 2025<\/span><\/div>\n<div class=\"inv-post-grid-one-author\"><i class=\"ti-user inv-post-grid-one-icon\"><!--icon--><\/i><span class=\"inv-post-grid-one-author-text\"><a href=\"https:\/\/fundacjaneuca.pl\/en\/author\/neuca\/\" title=\"Posts by Fundacja Neuca\" rel=\"author\">Fundacja Neuca<\/a><\/span><\/div>\n<\/div>\n<\/div>\n<\/a>\n<\/div>\n<\/article> <article style=\"padding: 0 11px; margin-bottom:22px;\" class=\"inv-post-blog-item-holder inv-post-grid-one-main-wrapper aos-init col-md-4 col-lg-4 col-sm-6 col-xs-12 inv-post_layout_1 post-8911 post type-post status-publish format-standard has-post-thumbnail hentry category-bez-kategorii tag-narodowebadanie tag-nbpc tag-senioriada tag-torun\" data-aos-once=\"true\" data-aos=\"\" data-aos-delay=\"0\">\n<div class=\"inv-post-grid-one-inner\">\n<a href=\"https:\/\/fundacjaneuca.pl\/en\/ix-torunska-senioriada-laczymy-pokolenia-juz-za-nami\/\">\n<div class=\"thumbnail-image entry-thumb-wrap\" style=\"background-image: url('https:\/\/fundacjaneuca.pl\/wp-content\/uploads\/2025\/09\/wpisy-3.png');\"><!--post-image--><\/div> <div class=\"inv-post-grid-one-content-wrap\">\n<div class=\"title entry-post-title inv-post-grid-one-title\"><a href=\"https:\/\/fundacjaneuca.pl\/en\/ix-torunska-senioriada-laczymy-pokolenia-juz-za-nami\/\" class=\"inv-title-h3\">IX Toru\u0144ska Senioriada &#8220;\u0141\u0105czymy Pokolenia&#8221; ju\u017c za nami<\/a><\/div>\n<div class=\"entry-excerpt inv-post-grid-one-excerpt\">\n<a href=\"https:\/\/fundacjaneuca.pl\/en\/ix-torunska-senioriada-laczymy-pokolenia-juz-za-nami\/\"><p>[vc_row][vc_column][vc_column_text css=&#8221;.vc_custom_1757932226038{border-left-width: 4px !important;padding-top: 2% !important;padding-right: 4% !important;padding-bottom: 3% !important;padding-left: 4% !important;background-color: #f3f6fa !important;border-left-style: solid !important;border-color: #00a6d6 !important;}&#8221;]Mi\u0119dzypokoleniowe serce Torunia zabi\u0142o w rytmie zdrowia i [&hellip;]<\/p>\n<\/a>\n<\/div>\n<div class=\"inv-post-grid-one-meta\">\n<div class=\"inv-post-grid-one-date\"><i class=\"ti-alarm-clock inv-post-grid-one-icon\"><!--icon--><\/i> <span>15 Sep 2025<\/span><\/div>\n<div class=\"inv-post-grid-one-author\"><i class=\"ti-user inv-post-grid-one-icon\"><!--icon--><\/i><span class=\"inv-post-grid-one-author-text\"><a href=\"https:\/\/fundacjaneuca.pl\/en\/author\/neuca\/\" title=\"Posts by Fundacja Neuca\" rel=\"author\">Fundacja Neuca<\/a><\/span><\/div>\n<\/div>\n<\/div>\n<\/a>\n<\/div>\n<\/article> <article style=\"padding: 0 11px; margin-bottom:22px;\" class=\"inv-post-blog-item-holder inv-post-grid-one-main-wrapper aos-init col-md-4 col-lg-4 col-sm-6 col-xs-12 inv-post_layout_1 post-8902 post type-post status-publish format-standard has-post-thumbnail hentry category-bez-kategorii tag-cukrzyca tag-dermobus tag-profilaktyka tag-znamiona\" data-aos-once=\"true\" data-aos=\"\" data-aos-delay=\"0\">\n<div class=\"inv-post-grid-one-inner\">\n<a href=\"https:\/\/fundacjaneuca.pl\/en\/kardiobus-rusza-w-polske-z-bezplatnymi-badaniami-serca\/\">\n<div class=\"thumbnail-image entry-thumb-wrap\" style=\"background-image: url('https:\/\/fundacjaneuca.pl\/wp-content\/uploads\/2025\/09\/kardiobus.png');\"><!--post-image--><\/div> <div class=\"inv-post-grid-one-content-wrap\">\n<div class=\"title entry-post-title inv-post-grid-one-title\"><a href=\"https:\/\/fundacjaneuca.pl\/en\/kardiobus-rusza-w-polske-z-bezplatnymi-badaniami-serca\/\" class=\"inv-title-h3\">Kardiobus rusza w Polsk\u0119 z bezp\u0142atnymi badaniami serca.<\/a><\/div>\n<div class=\"entry-excerpt inv-post-grid-one-excerpt\">\n<a href=\"https:\/\/fundacjaneuca.pl\/en\/kardiobus-rusza-w-polske-z-bezplatnymi-badaniami-serca\/\"><p>[vc_row][vc_column][vc_column_text css=&#8221;.vc_custom_1756801215305{border-left-width: 4px !important;padding-top: 2% !important;padding-right: 4% !important;padding-bottom: 3% !important;padding-left: 4% !important;background-color: #f3f6fa !important;border-left-style: solid !important;border-color: #00a6d6 !important;}&#8221;]Dlaczego badania kardiologiczne s\u0105 tak wa\u017cne?[\/vc_column_text][vc_column_text css=&#8221;&#8221;]Choroby uk\u0142adu [&hellip;]<\/p>\n<\/a>\n<\/div>\n<div class=\"inv-post-grid-one-meta\">\n<div class=\"inv-post-grid-one-date\"><i class=\"ti-alarm-clock inv-post-grid-one-icon\"><!--icon--><\/i> <span>02 Sep 2025<\/span><\/div>\n<div class=\"inv-post-grid-one-author\"><i class=\"ti-user inv-post-grid-one-icon\"><!--icon--><\/i><span class=\"inv-post-grid-one-author-text\"><a href=\"https:\/\/fundacjaneuca.pl\/en\/author\/neuca\/\" title=\"Posts by Fundacja Neuca\" rel=\"author\">Fundacja Neuca<\/a><\/span><\/div>\n<\/div>\n<\/div>\n<\/a>\n<\/div>\n<\/article> <article style=\"padding: 0 11px; margin-bottom:22px;\" class=\"inv-post-blog-item-holder inv-post-grid-one-main-wrapper aos-init col-md-4 col-lg-4 col-sm-6 col-xs-12 inv-post_layout_1 post-8825 post type-post status-publish format-standard has-post-thumbnail hentry category-bez-kategorii tag-narodowebadanie tag-nbpc tag-senioriada tag-torun\" data-aos-once=\"true\" data-aos=\"\" data-aos-delay=\"0\">\n<div class=\"inv-post-grid-one-inner\">\n<a href=\"https:\/\/fundacjaneuca.pl\/en\/ix-torunska-senioriada-laczymy-pokolenia\/\">\n<div class=\"thumbnail-image entry-thumb-wrap\" style=\"background-image: url('https:\/\/fundacjaneuca.pl\/wp-content\/uploads\/2025\/08\/wpisy-2.png');\"><!--post-image--><\/div> <div class=\"inv-post-grid-one-content-wrap\">\n<div class=\"title entry-post-title inv-post-grid-one-title\"><a href=\"https:\/\/fundacjaneuca.pl\/en\/ix-torunska-senioriada-laczymy-pokolenia\/\" class=\"inv-title-h3\">IX Toru\u0144ska Senioriada &#8220;\u0141\u0105czymy Pokolenia&#8221;<\/a><\/div>\n<div class=\"entry-excerpt inv-post-grid-one-excerpt\">\n<a href=\"https:\/\/fundacjaneuca.pl\/en\/ix-torunska-senioriada-laczymy-pokolenia\/\"><p>[vc_row][vc_column][vc_column_text css=&#8221;.vc_custom_1754574264537{border-left-width: 4px !important;padding-top: 2% !important;padding-right: 4% !important;padding-bottom: 3% !important;padding-left: 4% !important;background-color: #f3f6fa !important;border-left-style: solid !important;border-color: #00a6d6 !important;}&#8221;]IX Toru\u0144ska Senioriada &#8220;\u0141\u0105czymy Pokolenia&#8221;[\/vc_column_text][vc_column_text css=&#8221;&#8221;]Wielkie rodzinne wydarzenie [&hellip;]<\/p>\n<\/a>\n<\/div>\n<div class=\"inv-post-grid-one-meta\">\n<div class=\"inv-post-grid-one-date\"><i class=\"ti-alarm-clock inv-post-grid-one-icon\"><!--icon--><\/i> <span>14 Aug 2025<\/span><\/div>\n<div class=\"inv-post-grid-one-author\"><i class=\"ti-user inv-post-grid-one-icon\"><!--icon--><\/i><span class=\"inv-post-grid-one-author-text\"><a href=\"https:\/\/fundacjaneuca.pl\/en\/author\/neuca\/\" title=\"Posts by Fundacja Neuca\" rel=\"author\">Fundacja Neuca<\/a><\/span><\/div>\n<\/div>\n<\/div>\n<\/a>\n<\/div>\n<\/article> <\/div> <\/div> <\/div>[\/vc_column][\/vc_row]<\/p>\n<\/div>","protected":false},"excerpt":{"rendered":"<p>[vc_row el_class=&#8221;aktualnosci_row-1&#8243;][vc_column width=&#8221;2\/3&#8243; offset=&#8221;vc_col-xs-12&#8243;][\/vc_column][vc_column width=&#8221;1\/3&#8243; offset=&#8221;vc_hidden-lg vc_hidden-md vc_hidden-sm vc_col-xs-12 vc_hidden-xs&#8221;][vc_wp_search][\/vc_column][\/vc_row][vc_row el_class=&#8221;aktualnosci_row-2&#8243;][vc_column][\/vc_column][\/vc_row]<\/p>\n","protected":false},"author":2,"featured_media":0,"parent":0,"menu_order":0,"comment_status":"closed","ping_status":"closed","template":"","meta":{"_acf_changed":false,"_monsterinsights_skip_tracking":false,"_monsterinsights_sitenote_active":false,"_monsterinsights_sitenote_note":"","_monsterinsights_sitenote_category":0,"footnotes":""},"class_list":["post-19","page","type-page","status-publish","hentry"],"translation":{"provider":"WPGlobus","version":"3.0.0","language":"en","enabled_languages":["pl","en"],"languages":{"pl":{"title":true,"content":true,"excerpt":false},"en":{"title":true,"content":true,"excerpt":false}}},"acf":[],"_links":{"self":[{"href":"https:\/\/fundacjaneuca.pl\/en\/wp-json\/wp\/v2\/pages\/19","targetHints":{"allow":["GET"]}}],"collection":[{"href":"https:\/\/fundacjaneuca.pl\/en\/wp-json\/wp\/v2\/pages"}],"about":[{"href":"https:\/\/fundacjaneuca.pl\/en\/wp-json\/wp\/v2\/types\/page"}],"author":[{"embeddable":true,"href":"https:\/\/fundacjaneuca.pl\/en\/wp-json\/wp\/v2\/users\/2"}],"replies":[{"embeddable":true,"href":"https:\/\/fundacjaneuca.pl\/en\/wp-json\/wp\/v2\/comments?post=19"}],"version-history":[{"count":15,"href":"https:\/\/fundacjaneuca.pl\/en\/wp-json\/wp\/v2\/pages\/19\/revisions"}],"predecessor-version":[{"id":8019,"href":"https:\/\/fundacjaneuca.pl\/en\/wp-json\/wp\/v2\/pages\/19\/revisions\/8019"}],"wp:attachment":[{"href":"https:\/\/fundacjaneuca.pl\/en\/wp-json\/wp\/v2\/media?parent=19"}],"curies":[{"name":"wp","href":"https:\/\/api.w.org\/{rel}","templated":true}]}}